{"id":14579,"date":"2019-03-19T14:47:45","date_gmt":"2019-03-19T13:47:45","guid":{"rendered":"https:\/\/jakompetens.se\/?post_type=jakompetens_course&#038;p=14579"},"modified":"2026-04-07T23:12:51","modified_gmt":"2026-04-07T21:12:51","slug":"byggarbetsmiljosamordnare-bas-p-och-bas-u","status":"publish","type":"jakompetens_course","link":"https:\/\/jakompetens.se\/utbildningar\/byggarbetsmiljosamordnare-bas-p-och-bas-u\/","title":{"rendered":"Byggarbetsmilj\u00f6samordnare BAS P och BAS U"},"content":{"rendered":"<p class=\"ingress wp-block-jak-intro-text\">Byggarbetsmilj\u00f6samordnare BAS P \/ BAS U beh\u00f6vs p\u00e5 byggarbetsplatser d\u00e4r flera f\u00f6retag jobbar sida vid sida och fler \u00e4n bara arbetsgivaren kan ha ett visst arbetsmilj\u00f6ansvar. Det finns tv\u00e5 roller f\u00f6r Byggarbetsmilj\u00f6samordnare och kan utf\u00f6ras av antingen en eller tv\u00e5 olika personer. Det \u00e4r planering och projektering (BAS-P) och utf\u00f6rande (BAS-U). Byggarbetsmilj\u00f6samordnare utses oftast av byggherren.<\/p>\n\n<div class=\"jak-course-sections\">\n<div class=\"jak-course-sections-wrapper\">\n<section class=\"jak-course-section jak-course-section--target_group\"><h2>M\u00e5lgrupp<\/h2><div class=\"jak-course-section-content\"><section class=\"jak-course-section jak-course-section--target_group\"><div class=\"jak-course-section-content\"><p>Den som ska arbeta som byggarbetsmilj\u00f6samordnare.\r\n\r\nF\u00f6r att du ska kunna ta rollen som BAS-P och\/eller BAS-U m\u00e5ste du, enligt Arbetsmilj\u00f6verket, styrka att du har r\u00e4tt\u00a0utbildning f\u00f6r uppgiften. Genomg\u00e5ngen utbildning med godk\u00e4nt kunskapsprov v\u00e4gs samman med dina \u00f6vriga meriter\u00a0och l\u00e4mplighet f\u00f6r uppgiften. Byggherren, som \u00e4r skyldig att utse BAS-P och BAS-U f\u00f6r varje byggprojekt om inte\u00a0uppdragstagare utsetts, bed\u00f6mer om dina intyg \u00e4r tillr\u00e4ckliga f\u00f6r att styrka att du har utbildning, kompetens, erfarenhet\u00a0och l\u00e4mplighet f\u00f6r rollen.<\/p><\/div><\/section><\/div><\/section>\n<section class=\"jak-course-section jak-course-section--content\"><h2>Inneh\u00e5ll<\/h2><div class=\"jak-course-section-content\"><section class=\"jak-course-section jak-course-section--content\"><div class=\"jak-course-section-content\"><ul class=\"wp-block-list\">\r\n \t<li>Arbetsmilj\u00f6lagen<\/li>\r\n \t<li>Genomg\u00e5ng av de v\u00e4sentliga\u00a0arbetsmilj\u00f6f\u00f6reskrifterna som styr\u00a0bygg- och anl\u00e4ggningsarbete<\/li>\r\n \t<li>Genomg\u00e5ng av de arbetsmilj\u00f6f\u00f6reskrifter som styr bygg- och anl\u00e4ggningsarbete<\/li>\r\n \t<li>Utf\u00f6rande av byggnads- och anl\u00e4ggningsarbete samt arbetsplatsens utformning<\/li>\r\n \t<li>Maskiner och teknik<\/li>\r\n \t<li>Fysikaliska och mekaniska arbetsmilj\u00f6risker<\/li>\r\n \t<li>Farliga \u00e4mnen och kemiska arbetsmilj\u00f6risker<\/li>\r\n \t<li>Psykiska arbetsmilj\u00f6risker<\/li>\r\n \t<li>Om olyckan intr\u00e4ffar samt personlig skyddsutrustning<\/li>\r\n<\/ul><\/div><\/section><\/div><\/section>\n<section class=\"jak-course-section jak-course-section--purpose\"><h2>Syfte<\/h2><div class=\"jak-course-section-content\"><section class=\"jak-course-section jak-course-section--purpose\"><div class=\"jak-course-section-content\"><p>L\u00e4ra sig de s\u00e4rskilda regler som en byggarbetsplats har kring arbetsmilj\u00f6ansvar och kunna projektera och samordna en byggarbetsplats s\u00e5 den inte inneb\u00e4r risker f\u00f6r de som arbetar d\u00e4r.<\/p><\/div><\/section><\/div><\/section>\n<\/div>\n<\/div>\n\n<strong>Uppdatering om nya regler:<\/strong> Fr\u00e5n och med 1 januari 2025 tr\u00e4der nya regler f\u00f6r byggherrar, projekt\u00f6rer och byggarbetsmilj\u00f6samordnare i kraft. V\u00e5ra kurser har uppdaterats f\u00f6r att omfatta de nya f\u00f6reskrifterna \u2019Projektering och byggarbetsmilj\u00f6samordning \u2013 grundl\u00e4ggande skyldigheter (AFS 2023:3)\u2019, vilka syftar till att f\u00f6rebygga oh\u00e4lsa och olycksfall samt skapa en s\u00e4krare och b\u00e4ttre arbetsmilj\u00f6. F\u00f6rbered dig och din organisation redan idag genom att ta del av dessa viktiga uppdateringar.","protected":false},"featured_media":14769,"parent":0,"menu_order":0,"template":"","course_category":[116],"course_tag":[171,172,170,121],"class_list":["post-14579","jakompetens_course","type-jakompetens_course","status-publish","has-post-thumbnail","hentry","course_category-ansvar-och-arbetsmiljo","course_tag-bas","course_tag-bas-p-bas-u","course_tag-byggarbetsmiljosamordnare","course_tag-webb"],"_links":{"self":[{"href":"https:\/\/jakompetens.se\/api\/wp\/v2\/jakompetens_course\/14579","targetHints":{"allow":["GET"]}}],"collection":[{"href":"https:\/\/jakompetens.se\/api\/wp\/v2\/jakompetens_course"}],"about":[{"href":"https:\/\/jakompetens.se\/api\/wp\/v2\/types\/jakompetens_course"}],"wp:featuredmedia":[{"embeddable":true,"href":"https:\/\/jakompetens.se\/api\/wp\/v2\/media\/14769"}],"wp:attachment":[{"href":"https:\/\/jakompetens.se\/api\/wp\/v2\/media?parent=14579"}],"wp:term":[{"taxonomy":"course_category","embeddable":true,"href":"https:\/\/jakompetens.se\/api\/wp\/v2\/course_category?post=14579"},{"taxonomy":"course_tag","embeddable":true,"href":"https:\/\/jakompetens.se\/api\/wp\/v2\/course_tag?post=14579"}],"curies":[{"name":"wp","href":"https:\/\/api.w.org\/{rel}","templated":true}]}}